{"id":363,"date":"2023-02-09T11:27:28","date_gmt":"2023-02-09T10:27:28","guid":{"rendered":"https:\/\/purpleliner.hu\/?page_id=363"},"modified":"2026-03-30T10:19:55","modified_gmt":"2026-03-30T08:19:55","slug":"purpleliner-hajoutak-fedezze-fel-budapestet-a-duna-vizerol","status":"publish","type":"page","link":"https:\/\/purpleliner.hu\/hu\/","title":{"rendered":"Purpleliner Haj\u00f3utak: Fedezze fel Budapestet a Duna viz\u00e9r\u0151l"},"content":{"rendered":"\n<div class=\"wp-block-cover\" style=\"padding-top:0;padding-bottom:0;min-height:560px;aspect-ratio:unset;\"><span aria-hidden=\"true\" class=\"wp-block-cover__background has-background-dim-10 has-background-dim\"><\/span><img decoding=\"async\" width=\"1792\" height=\"1024\" loading=\"lazy\" class=\"wp-block-cover__image-background wp-image-839\" alt=\"Purpleliner Budapest\" src=\"https:\/\/purpleliner.hu\/wp-content\/uploads\/2024\/01\/night-cruises-budapest.png\" data-object-fit=\"cover\" srcset=\"https:\/\/purpleliner.hu\/wp-content\/uploads\/2024\/01\/night-cruises-budapest.png 1792w, https:\/\/purpleliner.hu\/wp-content\/uploads\/2024\/01\/night-cruises-budapest-300x171.png 300w, https:\/\/purpleliner.hu\/wp-content\/uploads\/2024\/01\/night-cruises-budapest-1024x585.png 1024w, https:\/\/purpleliner.hu\/wp-content\/uploads\/2024\/01\/night-cruises-budapest-600x343.png 600w\" sizes=\"(max-width: 1792px) 100vw, 1792px\" \/><div class=\"wp-block-cover__inner-container is-layout-flow wp-block-cover-is-layout-flow\">\n<h1 class=\"wp-block-heading has-text-align-center cim has-x-large-font-size\">Purpleliner &#8211; S\u00e9tahaj\u00f3 Budapest: Fedezd fel Budapestet a Duna viz\u00e9r\u0151l<\/h1>\n\n\n\n<div class=\"wp-block-buttons is-content-justification-center is-layout-flex wp-container-core-buttons-is-layout-1 wp-block-buttons-is-layout-flex\">\n<div class=\"wp-block-button\"><a class=\"wp-block-button__link wp-element-button\" href=\"https:\/\/purpleliner.hu\/hu\/termek\/varosnezo-setahajo\/\">FoglaljON most<\/a><\/div>\n<\/div>\n<\/div><\/div>\n\n\n\n<p style=\"padding-top:var(--wp--preset--spacing--50);padding-bottom:var(--wp--preset--spacing--50)\">Tudjuk, hogy egy \u00faj v\u00e1ros felfedez\u00e9se neh\u00e9z lehet, k\u00fcl\u00f6n\u00f6sen azok sz\u00e1m\u00e1ra, akik nem ismerik a nyelvet vagy a kult\u00far\u00e1t\u2026<br>A Purpleliner remek alternat\u00edv\u00e1t k\u00edn\u00e1l a f\u0151v\u00e1ros k\u00fclf\u00f6ldi, vagy ak\u00e1r vid\u00e9ki l\u00e1togat\u00f3i sz\u00e1m\u00e1ra a gy\u00f6ny\u00f6r\u0171 \u00e9s t\u00f6rt\u00e9nelmi Budapest felfedez\u00e9s\u00e9hez! <br><br>\u00c9lvezd a f\u0151v\u00e1ros panor\u00e1m\u00e1j\u00e1t k\u00e9nyelmesen \u00e9s st\u00edlusosan a Dun\u00e1r\u00f3l. <br><br>T\u00far\u00e1ink a v\u00e1ros legn\u00e9pszer\u0171bb l\u00e1tnival\u00f3it mutatj\u00e1k be, informat\u00edv audio guide k\u00eds\u00e9ret\u00e9ben.<br><br>V\u00e1rosn\u00e9z\u0151 programunk lebonyol\u00edt\u00e1s\u00e1t a Silverline Cruises biztos\u00edtja.<br><\/p>\n\n\n\n<h2 class=\"wp-block-heading has-text-align-center\"><strong><span style=\"color: #47243C;\">V\u00e1rosn\u00e9z\u0151 s\u00e9tahaj\u00f3 &#8211;<\/span> <\/strong> <span style=\"color: #54de77;\">4.800 Ft \/ F\u0151 &#8211; t\u0151l<\/span><\/h2>\n\n\n<div class=\"wp-block-image image-styling\">\n<figure class=\"aligncenter size-full\"><img decoding=\"async\" width=\"1000\" height=\"666\" loading=\"lazy\" src=\"https:\/\/purpleliner.hu\/wp-content\/uploads\/2024\/02\/budapesti-hajozas-4.jpg\" alt=\"s\u00e9rahaj\u00f3 budapest\" class=\"wp-image-15099\" srcset=\"https:\/\/purpleliner.hu\/wp-content\/uploads\/2024\/02\/budapesti-hajozas-4.jpg 1000w, https:\/\/purpleliner.hu\/wp-content\/uploads\/2024\/02\/budapesti-hajozas-4-300x200.jpg 300w, https:\/\/purpleliner.hu\/wp-content\/uploads\/2024\/02\/budapesti-hajozas-4-720x480.jpg 720w, https:\/\/purpleliner.hu\/wp-content\/uploads\/2024\/02\/budapesti-hajozas-4-600x400.jpg 600w\" sizes=\"(max-width: 1000px) 100vw, 1000px\" \/><\/figure><\/div>\n\n\n<p style=\"padding-top:var(--wp--preset--spacing--50);padding-bottom:var(--wp--preset--spacing--50)\">A v\u00e1rosn\u00e9z\u0151 s\u00e9tahaj\u00f3 Budapest programunk egy 60 perces utaz\u00e1s, amely a Batthy\u00e1ny t\u00e9r-r\u0151l indul. Ezen a t\u00far\u00e1n lehet\u0151s\u00e9ged lesz elmer\u00fclni Budapest \u00e9p\u00edt\u00e9szeti csod\u00e1iban \u00e9s l\u00e1tv\u00e1nyoss\u00e1gaiban, valamint megismerni a v\u00e1ros \u00e9rdekes t\u00f6rt\u00e9net\u00e9t. Haj\u00f3nkon let\u00f6lthet\u0151, telefon applik\u00e1ci\u00f3s idegenvezet\u00e9s \u00fczemel, amely \u00e9rdekess\u00e9geket \u00e9s r\u00f6vid t\u00f6rt\u00e9nelmi bemutat\u00f3t szolg\u00e1ltat a f\u0151v\u00e1ros nevezetess\u00e9geir\u0151l. Ez\u00e1ltal az utaz\u00e1sunk nemcsak oktat\u00f3, hanem sz\u00f3rakoztat\u00f3 is.<\/p>\n\n\n\n<div class=\"wp-block-buttons is-content-justification-center is-layout-flex wp-container-core-buttons-is-layout-2 wp-block-buttons-is-layout-flex\">\n<div class=\"wp-block-button\"><a class=\"wp-block-button__link wp-element-button\" href=\"https:\/\/purpleliner.hu\/hu\/termek\/varosnezo-setahajo\/\">Foglalj most<\/a><\/div>\n<\/div>\n\n\n<div class=\"audio-guide-final\"><div class=\"ag-header\">\r\n<div class=\"ag-title-wrapper\"><img decoding=\"async\" loading=\"lazy\" class=\"ag-headphone-icon\" src=\"https:\/\/purpleliner.hu\/wp-content\/uploads\/2025\/04\/headphones_28_black.png\" alt=\"F\u00fclhallgat\u00f3 ikon\" \/>\r\n<h2>Audio Guide R\u00e9szletek<\/h2>\r\n<\/div>\r\n<\/div>\r\n<div class=\"ag-body\"><div class=\"ag-content-area\"><div class=\"ag-section center-text\">\r\n<h3>El\u00e9rhet\u0151 nyelvek<\/h3>\r\n<div class=\"ag-language-list\">\r\n    <span><img decoding=\"async\" loading=\"lazy\" src=\"https:\/\/flagcdn.com\/w40\/gb.png\" width=\"20\" alt=\"\"> Angol<\/span>\r\n    <span><img decoding=\"async\" loading=\"lazy\" src=\"https:\/\/flagcdn.com\/w40\/de.png\" width=\"20\" alt=\"\"> N\u00e9met<\/span>\r\n    <span><img decoding=\"async\" loading=\"lazy\" src=\"https:\/\/flagcdn.com\/w40\/hu.png\" width=\"20\" alt=\"\"> Magyar<\/span>\r\n    <span><img decoding=\"async\" loading=\"lazy\" src=\"https:\/\/flagcdn.com\/w40\/it.png\" width=\"20\" alt=\"\"> Olasz<\/span>\r\n    <span><img decoding=\"async\" loading=\"lazy\" src=\"https:\/\/flagcdn.com\/w40\/fr.png\" width=\"20\" alt=\"\"> Francia<\/span>\r\n    <span><img decoding=\"async\" loading=\"lazy\" src=\"https:\/\/flagcdn.com\/w40\/es.png\" width=\"20\" alt=\"\"> Spanyol<\/span>\r\n    <span><img decoding=\"async\" loading=\"lazy\" src=\"https:\/\/flagcdn.com\/w40\/sk.png\" width=\"20\" alt=\"\"> Szlov\u00e1k<\/span>\r\n    <span><img decoding=\"async\" loading=\"lazy\" src=\"https:\/\/flagcdn.com\/w40\/ru.png\" width=\"20\" alt=\"\"> Orosz<\/span>\r\n    <span><img decoding=\"async\" loading=\"lazy\" src=\"https:\/\/flagcdn.com\/w40\/kr.png\" width=\"20\" alt=\"\"> Koreai<\/span>\r\n<\/div>\r\n<\/div>\r\n<div class=\"ag-section\">\r\n<h3>Fontos Inform\u00e1ci\u00f3k<\/h3>\r\n<div class=\"ag-info-grid\">\r\n<div class=\"info-card\"><span class=\"icon\">\ud83d\udcf1<\/span>\r\n<div class=\"text\"><strong>Ingyenes App<\/strong> <small>Let\u00f6lthet\u0151 alkalmaz\u00e1s<\/small><\/div>\r\n<\/div>\r\n<div class=\"info-card\"><span class=\"icon\">\ud83c\udfa7<\/span>\r\n<div class=\"text\"><strong>F\u00fclhallgat\u00f3<\/strong> <small>K\u00e9rj\u00fck, hozzon saj\u00e1tot<\/small><\/div>\r\n<\/div>\r\n<div class=\"info-card\"><span class=\"icon\">\ud83e\udd33<\/span>\r\n<div class=\"text\"><strong>Saj\u00e1t Eszk\u00f6z<\/strong> <small>A hanganyag telefonon sz\u00f3l<\/small><\/div>\r\n<\/div>\r\n<div class=\"info-card\"><span class=\"icon\">\ud83d\udd0b<\/span>\r\n<div class=\"text\"><strong>Akkumul\u00e1tor<\/strong> <small>T\u00f6lt\u00f6tt \u00e1llapotban \u00e9rkezzen<\/small><\/div>\r\n<\/div>\r\n<\/div>\r\n<\/div>\r\n<\/div>\r\n<div class=\"ag-action-area\">\r\n<div class=\"ag-sticky-box\">\r\n<h3>T\u00f6ltse le az Appot<\/h3>\r\n<p>T\u00f6ltse le most ingyen:<\/p>\r\n<div class=\"ag-store-btns\">\r\n    <a href=\"https:\/\/apps.apple.com\/hu\/app\/purpleliner-travel-guide\/id6447886802\" target=\"_blank\" rel=\"noopener\"> \r\n        <img decoding=\"async\" loading=\"lazy\" src=\"https:\/\/silver-line.hu\/wp-content\/uploads\/2023\/10\/apple-app-store-travel-awards-globestamp-7-2.webp\" alt=\"App Store\" \/> \r\n    <\/a> \r\n    <a href=\"https:\/\/play.google.com\/store\/apps\/details?id=com.amentihajozasi.sctg\" target=\"_blank\" rel=\"noopener\"> \r\n        <img decoding=\"async\" loading=\"lazy\" src=\"https:\/\/silver-line.hu\/wp-content\/uploads\/2023\/10\/apple-app-store-travel-awards-globestamp-7.webp\" alt=\"Google Play\" \/> \r\n    <\/a>\r\n<\/div>\r\n<\/div>\r\n<\/div>\r\n<\/div>\r\n<\/div>\r\n\r\n<style>\r\n  \/* --- Main Box (90% Width) --- *\/\r\n  .audio-guide-final {\r\n    width: 90%; \r\n    max-width: 1600px; \r\n    margin: 40px auto;\r\n    background: #ffffff;\r\n    border-radius: 16px;\r\n    box-shadow: 0 10px 40px rgba(0,0,0,0.08);\r\n    border: 1px solid #e0e0e0;\r\n    font-family: -apple-system, BlinkMacSystemFont, \"Segoe UI\", Roboto, Helvetica, Arial, sans-serif;\r\n    overflow: hidden;\r\n  }\r\n\r\n  \/* --- Header --- *\/\r\n  .ag-header {\r\n    padding: 25px 40px;\r\n    border-bottom: 1px solid #eaeaea;\r\n    background: #fff;\r\n  }\r\n\r\n  .ag-title-wrapper {\r\n    display: flex;\r\n    align-items: center;\r\n    gap: 15px;\r\n  }\r\n\r\n  .ag-headphone-icon {\r\n    width: 35px;\r\n    opacity: 0.85;\r\n  }\r\n\r\n  .ag-header h2 {\r\n    margin: 0;\r\n    font-size: 1.6rem;\r\n    color: #2c3e50;\r\n    font-weight: 700;\r\n  }\r\n\r\n  \/* --- Body Layout --- *\/\r\n  .ag-body {\r\n    display: flex;\r\n    width: 100%;\r\n  }\r\n\r\n  .ag-content-area {\r\n    flex: 65; \r\n    padding: 40px;\r\n  }\r\n\r\n  .ag-section {\r\n    margin-bottom: 45px;\r\n  }\r\n  \r\n  .ag-section:last-child {\r\n    margin-bottom: 0;\r\n  }\r\n\r\n  .ag-section h3 {\r\n    font-size: 1.2rem;\r\n    color: #888;\r\n    text-transform: uppercase;\r\n    letter-spacing: 1px;\r\n    margin-bottom: 20px;\r\n    font-weight: 700;\r\n  }\r\n\r\n  .center-text {\r\n    text-align: center;\r\n  }\r\n\r\n  \/* --- Languages --- *\/\r\n.ag-language-list {\r\n    display: grid;\r\n    \/* Forces exactly 3 columns *\/\r\n    grid-template-columns: repeat(3, 1fr); \r\n    gap: 12px;\r\n    \r\n    \/* This makes the grid only as wide as the 3 items, then centers it *\/\r\n    width: fit-content;\r\n    margin: 0 auto; \r\n  }\r\n\r\n  .ag-language-list span {\r\n    background: #f8f9fa;\r\n    border: 1px solid #e9ecef;\r\n    padding: 12px 20px;\r\n    border-radius: 50px;\r\n    font-size: 1.05rem;\r\n    color: #444;\r\n    font-weight: 500;\r\n    display: flex;\r\n    align-items: center;\r\n    justify-content: center;\r\n    gap: 10px;\r\n    \/* This ensures all pills in the row are the same width *\/\r\n    min-width: 140px; \r\n    transition: all 0.2s ease;\r\n  }\r\n\r\n  .ag-language-list span:hover {\r\n    background: #007bff; \r\n    color: #fff;\r\n    border-color: #007bff;\r\n    transform: translateY(-3px);\r\n    box-shadow: 0 5px 15px rgba(0, 123, 255, 0.25);\r\n  }\r\n\r\n  \/* --- Info Grid --- *\/\r\n  .ag-info-grid {\r\n    display: grid;\r\n    grid-template-columns: 1fr 1fr;\r\n    gap: 20px;\r\n  }\r\n\r\n  .info-card {\r\n    display: flex;\r\n    align-items: center;\r\n    gap: 15px;\r\n    padding: 18px;\r\n    border-radius: 12px;\r\n    border: 1px solid #eee;\r\n    background: #fff;\r\n    transition: background 0.2s;\r\n  }\r\n\r\n  .info-card:hover {\r\n    background: #fbfbfb;\r\n  }\r\n\r\n  .info-card .icon {\r\n    font-size: 2rem;\r\n  }\r\n\r\n  .info-card .text {\r\n    display: flex;\r\n    flex-direction: column;\r\n  }\r\n\r\n  .info-card strong {\r\n    font-size: 1.05rem;\r\n    color: #333;\r\n    margin-bottom: 4px;\r\n  }\r\n\r\n  .info-card small {\r\n    font-size: 0.95rem;\r\n    color: #666;\r\n  }\r\n\r\n  \/* --- Right Action Area --- *\/\r\n  .ag-action-area {\r\n    flex: 35; \r\n    background-color: #fcfcfc; \r\n    border-left: 1px solid #eaeaea;\r\n    padding: 40px;\r\n    display: flex;\r\n    align-items: center; \r\n    justify-content: center;\r\n  }\r\n\r\n  .ag-sticky-box {\r\n    text-align: center;\r\n    width: 100%;\r\n  }\r\n\r\n  .ag-sticky-box h3 {\r\n    margin: 0 0 8px 0;\r\n    font-size: 1.5rem;\r\n    color: #333;\r\n  }\r\n\r\n  .ag-sticky-box p {\r\n    margin: 0 0 25px 0;\r\n    color: #666;\r\n    font-size: 1rem;\r\n  }\r\n\r\n  .ag-store-btns {\r\n    display: flex;\r\n    flex-direction: column;\r\n    gap: 15px;\r\n    align-items: center;\r\n  }\r\n\r\n  .ag-store-btns img {\r\n    height: 75px; \r\n    width: auto;\r\n    transition: transform 0.2s cubic-bezier(0.175, 0.885, 0.32, 1.275);\r\n  }\r\n\r\n  .ag-store-btns img:hover {\r\n    transform: scale(1.05);\r\n  }\r\n\r\n  \/* --- Mobile Responsive --- *\/\r\n  @media (max-width: 950px) {\r\n    .audio-guide-final {\r\n      width: 95%; \r\n    }\r\n    \r\n    .ag-body {\r\n      flex-direction: column; \r\n    }\r\n\r\n    .ag-action-area {\r\n      border-left: none;\r\n      border-top: 1px solid #eaeaea;\r\n      padding: 40px 20px;\r\n    }\r\n    \r\n    .ag-store-btns {\r\n        flex-direction: row; \r\n        justify-content: center;\r\n        flex-wrap: wrap;\r\n    }\r\n\r\n    .ag-store-btns img {\r\n        height: 60px; \r\n    }\r\n\r\n    .ag-info-grid {\r\n      grid-template-columns: 1fr; \r\n    }\r\n    \r\n    .ag-header {\r\n        text-align: center;\r\n    }\r\n    \r\n    .ag-title-wrapper {\r\n        justify-content: center;\r\n    }\r\n  }\r\n<\/style>\n\n\n<div class=\"wp-block-columns is-layout-flex wp-container-core-columns-is-layout-1 wp-block-columns-is-layout-flex\" style=\"padding-top:var(--wp--preset--spacing--60)\">\n<div class=\"wp-block-column is-layout-flow wp-block-column-is-layout-flow\">\n<div class=\"wp-block-quickberg-box quickberg-box  quickberg-box--undefined has-undefined-background-color\">\r\n<div class=\"wp-block-quickberg-box quickberg-box  quickberg-box--undefined has-undefined-background-color lessbottom\">\r\n\r\n\r\n<figure class=\"wp-block-table custom-styled-table\">\r\n<table>\r\n<thead>\r\n<tr>\r\n<th colspan=\"3\">Menetrend<\/th>\r\n<\/tr>\r\n<tr>\r\n<th>Indul\u00e1s<\/th>\r\n<th>T\u00fara v\u00e9ge<\/th>\r\n<\/tr>\r\n<\/thead>\r\n<tbody>\r\n<tr>\r\n<td>16:55<\/td>\r\n<td>17:55<\/td>\r\n<\/tr>\r\n<tr>\r\n<td>18:15<\/td>\r\n<td>19:15<\/td>\r\n<\/tr>\r\n<tr>\r\n<td>19:35<\/td>\r\n<td>20:35<\/td>\r\n<\/tr>\r\n<tr>\r\n<td>20:55<\/td>\r\n<td>21:55<\/td>\r\n<\/tr>\r\n<\/tbody>\r\n<\/table>\r\n<\/figure>\r\n\r\n\r\n\r\n<figure class=\"wp-block-table custom-styled-table\">\r\n<table>\r\n<tbody>\r\n<tr>\r\n<th><strong>Indul\u00e1s helye:<\/strong><\/th>\r\n<\/tr>\r\n<tr>\r\n<td>Dock 1\/B<\/td>\r\n<\/tr>\r\n<tr>\r\n<td>1011 Budapest Batthy\u00e1ny t\u00e9r<\/td>\r\n<\/tr>\r\n<tr>\r\n<td>GPS coordinates: 47.50585,19.039657<\/td>\r\n<\/tr>\r\n<\/tbody>\r\n<\/table>\r\n<\/figure>\r\n<\/div>\r\n<p><strong>Megjegyz\u00e9s:<\/strong>Az \u00e1rak v\u00e1ltozhatnak a szezon, a h\u00e9t napja vagy a napszak f\u00fcggv\u00e9ny\u00e9ben.<\/p>\r\n<\/div>\n<\/div>\n\n\n\n<div class=\"wp-block-column is-layout-flow wp-block-column-is-layout-flow\">\n<div class=\"wp-block-quickberg-box quickberg-box  quickberg-box--undefined has-undefined-background-color\">\n<h2 class=\"wp-block-heading\">L\u00e1tv\u00e1nyoss\u00e1gok amelyeket \u00e9rint\u00fcnk \u00fatunk sor\u00e1n:<\/h2>\n\n\n\n<ul class=\"menetrend\">\n<li>1. Batthy\u00e1ny t\u00e9r<\/li>\n\n\n\n<li>2. M\u00e1ty\u00e1s Templom<\/li>\n\n\n\n<li>3. Hal\u00e1szb\u00e1stya<\/li>\n\n\n\n<li>4. Budai V\u00e1r<\/li>\n\n\n\n<li>5. V\u00e1rkert Baz\u00e1r<\/li>\n\n\n\n<li>6. Erzs\u00e9bet h\u00edd<\/li>\n\n\n\n<li>7. Rudas Gy\u00f3gyf\u00fcrd\u0151<\/li>\n\n\n\n<li>8. Gell\u00e9rt-hegy<\/li>\n\n\n\n<li>9. Gell\u00e9rt Gy\u00f3gyf\u00fcrd\u0151<\/li>\n\n\n\n<li>10. Pet\u0151fi h\u00edd<\/li>\n\n\n\n<li>11. A \u201cB\u00e1lna\u201d<\/li>\n\n\n\n<li>12. V\u00e1s\u00e1rcsarnok<\/li>\n\n\n\n<li>13. L\u00e1nch\u00edd<\/li>\n\n\n\n<li>14. Bronz Cip\u0151 eml\u00e9km\u0171<\/li>\n\n\n\n<li>15. Parlament<\/li>\n\n\n\n<li>16. Margit-sziget<\/li>\n<\/ul>\n\n\n\n<p><\/p>\n<\/div>\n<\/div>\n<\/div>\n\n\n\n<div style=\"display: flex; justify-content: center; width: 100%; margin-bottom: 30px;\">\n  <iframe src=\"https:\/\/www.google.com\/maps\/embed?pb=!1m18!1m12!1m3!1d2695.181563795097!2d19.0372703766666!3d47.50585519492866!2m3!1f0!2f0!3f0!3m2!1i1024!2i768!4f13.1!3m3!1m2!1s0x4741dd775019ac1f%3A0xac3db93d9a21921b!2sPurpleliner!5e0!3m2!1sen!2shu!4v1769425123330!5m2!1sen!2shu\" width=\"600\" height=\"450\" style=\"border:0;\" allowfullscreen=\"\" loading=\"lazy\" referrerpolicy=\"no-referrer-when-downgrade\"><\/iframe>\n<\/div>\n\n\n\n<div class=\"wp-block-buttons is-content-justification-center is-layout-flex wp-container-core-buttons-is-layout-3 wp-block-buttons-is-layout-flex\">\n<div class=\"wp-block-button\"><a class=\"wp-block-button__link wp-element-button\" href=\"https:\/\/purpleliner.hu\/hu\/termek\/varosnezo-setahajo\/\">Foglalj most<\/a><\/div>\n<\/div>\n\n\n\n<p class=\"has-text-align-center\">T\u00far\u00e1ink c\u00e9lja, hogy ut\u00e1nozhatatlan \u00e9lm\u00e9nyt ny\u00fajtsanak. Teh\u00e1t, legy\u00e9l ak\u00e1r helyb\u00e9li, ak\u00e1r turista, csatlakozz hozz\u00e1nk egy felejthetetlen utaz\u00e1sra Budapest sz\u00edv\u00e9ben!<\/p>\n\n\n\n<figure class=\"wp-block-image size-full\"><img decoding=\"async\" width=\"1522\" height=\"1024\" loading=\"lazy\" src=\"https:\/\/purpleliner.hu\/wp-content\/uploads\/2024\/02\/Sightseeing-budapest-parlament.jpg\" alt=\"s\u00e9tahaj\u00f3 budapesten\" class=\"wp-image-876\" srcset=\"https:\/\/purpleliner.hu\/wp-content\/uploads\/2024\/02\/Sightseeing-budapest-parlament.jpg 1522w, https:\/\/purpleliner.hu\/wp-content\/uploads\/2024\/02\/Sightseeing-budapest-parlament-300x202.jpg 300w, https:\/\/purpleliner.hu\/wp-content\/uploads\/2024\/02\/Sightseeing-budapest-parlament-1024x689.jpg 1024w, https:\/\/purpleliner.hu\/wp-content\/uploads\/2024\/02\/Sightseeing-budapest-parlament-600x404.jpg 600w\" sizes=\"(max-width: 1522px) 100vw, 1522px\" \/><\/figure>\n\n\n\n<h2 class=\"wp-block-heading\">S\u00e9tahaj\u00f3 Budapest &#8211; Nem csak k\u00fclf\u00f6ldieknek<\/h2>\n\n\n\n<p>Van egy titok, amit csak azok ismernek, akik egyszer m\u00e1r \u00e1t\u00e9lt\u00e9k. Budapest minden \u00e9vszakban leny\u0171g\u00f6z\u0151 \u2013 err\u0151l b\u00e1rki meggy\u0151z\u0151dhet, aki v\u00e9gigs\u00e9t\u00e1l a rakparton vagy felkapaszkodik a Gell\u00e9rt-hegyre. De van egy m\u00e1sik Budapest is. Egy rejtett perspekt\u00edva, amelyet a legt\u00f6bben soha nem l\u00e1tnak igaz\u00e1n: a v\u00e1ros, ahogyan a Duna k\u00f6zep\u00e9r\u0151l t\u00e1rul el\u00e9nk.<\/p>\n\n\n\n<p>A haj\u00f3z\u00e1s nem csup\u00e1n egy sz\u00f3rakoztat\u00f3 turistaprogram, hanem egy var\u00e1zslatos id\u0151utaz\u00e1s is, amely \u00faj szemmel l\u00e1ttatja a f\u0151v\u00e1rost. Ahogy a haj\u00f3 lassan elsiklik a Parlament, a Budai V\u00e1r \u00e9s a L\u00e1nch\u00edd mellett, hirtelen minden m\u00e1snak t\u0171nik. A zaj elcsendesedik, az aut\u00f3k z\u00fag\u00e1sa t\u00e1voli morajl\u00e1ss\u00e1 szel\u00edd\u00fcl, \u00e9s az ember \u00fagy \u00e9rzi, mintha egy festm\u00e9ny k\u00f6zep\u00e9n \u00e1llna.<\/p>\n\n\n\n<h4 class=\"wp-block-heading\"><strong>M\u00e1s perspekt\u00edva, m\u00e1s \u00e9lm\u00e9ny<\/strong><\/h4>\n\n\n\n<p>Budapest ikonikus \u00e9p\u00fcleteit j\u00f3l ismerj\u00fck \u2013 legal\u00e1bbis azt hissz\u00fck. De n\u00e9zt\u00e9l m\u00e1r fel a L\u00e1nch\u00edd oroszl\u00e1njaira k\u00f6zvetlen\u00fcl a v\u00edzr\u0151l? L\u00e1ttad m\u00e1r a Parlament aranyozott kupol\u00e1j\u00e1t \u00fagy, hogy el\u0151tte semmi sem takarja el a kil\u00e1t\u00e1st? A Duna k\u00f6zep\u00e9r\u0151l minden \u00e9p\u00fclet m\u00e1shogy mutatja meg mag\u00e1t. A rakpartokon s\u00e9t\u00e1lva term\u00e9szetes, hogy csak az egyik oldal\u00e1t l\u00e1tjuk az \u00e9p\u00fcleteknek \u2013 a haj\u00f3r\u00f3l viszont az eg\u00e9sz v\u00e1ros teljes pomp\u00e1j\u00e1ban t\u00e1rul fel el\u0151tt\u00fcnk.<\/p>\n\n\n\n<p>R\u00e1ad\u00e1sul a v\u00edz egyfajta t\u00fck\u00f6rk\u00e9nt is m\u0171k\u00f6dik: a naplement\u00e9ben csillog\u00f3 \u00e9p\u00fcletek visszat\u00fckr\u00f6z\u0151dnek a felsz\u00ednen, \u00e9s a l\u00e1tv\u00e1ny olyan, mintha Budapest egy k\u00fcl\u00f6n kis univerzum lenne, amely csak a Duna k\u00f6zep\u00e9n l\u00e9tezne.<\/p>\n\n\n<div class=\"wp-block-image\">\n<figure class=\"aligncenter size-full\"><img decoding=\"async\" width=\"1000\" height=\"666\" loading=\"lazy\" src=\"https:\/\/purpleliner.hu\/wp-content\/uploads\/2024\/02\/budapesti-hajozas-1.jpg\" alt=\"s\u00e9tahaj\u00f3 budapest\" class=\"wp-image-15093\" srcset=\"https:\/\/purpleliner.hu\/wp-content\/uploads\/2024\/02\/budapesti-hajozas-1.jpg 1000w, https:\/\/purpleliner.hu\/wp-content\/uploads\/2024\/02\/budapesti-hajozas-1-300x200.jpg 300w, https:\/\/purpleliner.hu\/wp-content\/uploads\/2024\/02\/budapesti-hajozas-1-720x480.jpg 720w, https:\/\/purpleliner.hu\/wp-content\/uploads\/2024\/02\/budapesti-hajozas-1-600x400.jpg 600w\" sizes=\"(max-width: 1000px) 100vw, 1000px\" \/><\/figure><\/div>\n\n\n<h4 class=\"wp-block-heading\" style=\"padding-top:var(--wp--preset--spacing--70)\"><strong>A pillanatok var\u00e1zsa: nappal, este \u00e9s \u00e9jjel<\/strong><\/h4>\n\n\n\n<p>Reggel, amikor a v\u00e1ros m\u00e9g csak \u00e9bredezik, a Duna viz\u00e9n lebeg\u0151 haj\u00f3z\u00e1s egyfajta meditat\u00edv \u00e9lm\u00e9ny. Az aranysz\u00edn\u0171 napf\u00e9ny \u00e9pphogy meg\u00e9rinti a Gell\u00e9rt-hegyet, a rakparton fut\u00f3k elhaladnak a korai k\u00e1v\u00e9z\u00f3kat keres\u0151 helyiek mellett.<\/p>\n\n\n\n<p>Napk\u00f6zben a pezsg\u00e9s\u00e9 a f\u0151szerep: a hidak alatt \u00e1thaladva l\u00e1tni lehet, ahogyan a rakparti \u00e9let l\u00fcktet, a villamosok s\u00e1rga cs\u00edkja v\u00e9gigfut a part ment\u00e9n, a Hal\u00e1szb\u00e1stya pedig mintha egy mesebeli kast\u00e9ly lenne a hegy tetej\u00e9n.<\/p>\n\n\n\n<p>Az esti \u00f3r\u00e1kban azonban Budapest val\u00f3di var\u00e1zslata mutatkozik meg. Ahogy a v\u00e1ros f\u00e9nyei lassan kigy\u00falnak, a Duna vize aranyl\u00f3 csillog\u00e1ssal v\u00e1laszol. A kivil\u00e1g\u00edtott hidak egyenk\u00e9nt \u00f6lt\u00f6znek f\u00e9ny\u00e1rba, \u00e9s a haj\u00f3r\u00f3l n\u00e9zve \u00fagy t\u0171nik, mintha egy titkos, k\u00fcl\u00f6nleges \u00fcnnep tan\u00fai lenn\u00e9nk. Azt mondj\u00e1k, hogy P\u00e1rizs az eur\u00f3pai romantika f\u0151v\u00e1rosa \u2013 de aki egyszer m\u00e1r v\u00e9gighaj\u00f3zott Budapesten egy csillagos \u00e9jszak\u00e1n, az tudja, hogy a magyar f\u0151v\u00e1ros is m\u00e9lt\u00f3 versenyt\u00e1rsa.<\/p>\n\n\n\n<h4 class=\"wp-block-heading\"><strong>A legjobb hely az els\u0151 sorb\u00f3l<\/strong><\/h4>\n\n\n\n<p>A v\u00edz fel\u0151l n\u00e9zve Budapest m\u00e1s arc\u00e1t mutatja. Nincs sz\u00fcks\u00e9g szerencs\u00e9re, hogy az els\u0151 sorb\u00f3l l\u00e1thassuk a v\u00e1ros legszebb panor\u00e1m\u00e1j\u00e1t \u2013 a Duna k\u00f6zep\u00e9r\u0151l mindig t\u00f6k\u00e9letes a kil\u00e1t\u00e1s. Legyen sz\u00f3 egy nappali haj\u00f3k\u00e1z\u00e1sr\u00f3l, vagy egy esti s\u00e9tahaj\u00f3z\u00e1sr\u00f3l egy biztos: Budapest ezen perspekt\u00edv\u00e1j\u00e1t egyszer mindenkinek l\u00e1tnia kell.<\/p>\n\n\n\n<p>Mert a rakpartr\u00f3l lehet, hogy ismered a v\u00e1rost \u2013 de a Duna k\u00f6zep\u00e9r\u0151l \u00e9rzed igaz\u00e1n, hogy Budapest l\u00e9legzik.<\/p>\n\n\n\n<style>\n.faq-wrapper {\n  max-width: 900px;\n  margin: 0 auto;\n  font-family: inherit;\n}\n\n.faq-wrapper h2 {\n  font-size: 2rem;\n  margin-bottom: 1.5rem;\n  text-align: center;\n}\n\n.faq-item {\n  border: 1px solid #e5e7eb;\n  border-radius: 12px;\n  margin-bottom: 12px;\n  background: #fff;\n  overflow: hidden;\n  transition: box-shadow 0.2s ease;\n}\n\n.faq-item:hover {\n  box-shadow: 0 8px 20px rgba(0,0,0,0.06);\n}\n\n.faq-question {\n  width: 100%;\n  background: none;\n  border: none;\n  padding: 18px 22px;\n  font-size: 1rem;\n  font-weight: 600;\n  text-align: left;\n  cursor: pointer;\n  display: flex;\n  justify-content: space-between;\n  align-items: center;\n}\n\n.faq-question span {\n  font-size: 1.2rem;\n  transition: transform 0.3s ease;\n}\n\n.faq-item.active .faq-question span {\n  transform: rotate(45deg);\n}\n\n.faq-answer {\n  max-height: 0;\n  overflow: hidden;\n  transition: max-height 0.35s ease;\n}\n\n.faq-answer-inner {\n  padding: 0 22px 22px;\n  font-size: 0.95rem;\n  line-height: 1.6;\n  color: #374151;\n}\n\n.faq-answer ul {\n  margin: 10px 0 0 18px;\n}\n\n.faq-answer li {\n  margin-bottom: 4px;\n}\n<\/style>\n\n<div class=\"faq-wrapper\">\n<h2>Gyakran Ism\u00e9telt K\u00e9rd\u00e9sek \u2013 V\u00e1rosn\u00e9z\u0151 s\u00e9tahaj\u00f3 Budapest<\/h2>\n\n<div class=\"faq-item\"><button class=\"faq-question\">Mennyi ideig tart a v\u00e1rosn\u00e9z\u0151 haj\u00f3\u00fat?<span>+<\/span><\/button><div class=\"faq-answer\"><div class=\"faq-answer-inner\">A Purpleliner v\u00e1rosn\u00e9z\u0151 s\u00e9tahaj\u00f3 program 60 percig tart, ami ide\u00e1lis id\u0151tartam ahhoz, hogy k\u00e9nyelmesen, kapkod\u00e1s n\u00e9lk\u00fcl fedezd fel Budapest legszebb dunai panor\u00e1m\u00e1j\u00e1t. Az \u00fat sor\u00e1n v\u00e9gighaj\u00f3zunk a v\u00e1ros ikonikus szakaszain, mik\u00f6zben lehet\u0151s\u00e9ged van pihenni, fot\u00f3zni, illetve meghallgatni az audio guide ismertet\u0151it.<\/div><\/div><\/div>\n\n<div class=\"faq-item\"><button class=\"faq-question\">Honnan indul a haj\u00f3?<span>+<\/span><\/button><div class=\"faq-answer\"><div class=\"faq-answer-inner\">A haj\u00f3 a Batthy\u00e1ny t\u00e9rn\u00e9l tal\u00e1lhat\u00f3 Dock 1\/B kik\u00f6t\u0151b\u0151l indul. C\u00edm: 1011 Budapest, Batthy\u00e1ny t\u00e9r. A kik\u00f6t\u0151 k\u00f6zvetlen\u00fcl a Duna-parton tal\u00e1lhat\u00f3, \u00edgy a besz\u00e1ll\u00e1s gyors \u00e9s \u00e1tl\u00e1that\u00f3.<div style=\"display: flex; justify-content: center; width: 100%; margin-top: 20px; margin-bottom: 10px\">\n<iframe src=\"https:\/\/www.google.com\/maps\/embed?pb=!1m18!1m12!1m3!1d2695.181563795097!2d19.0372703766666!3d47.50585519492866!2m3!1f0!2f0!3f0!3m2!1i1024!2i768!4f13.1!3m3!1m2!1s0x4741dd775019ac1f%3A0xac3db93d9a21921b!2sPurpleliner!5e0!3m2!1sen!2shu!4v1769425123330!5m2!1sen!2shu\" width=\"600\" height=\"450\" style=\"border:0;\" allowfullscreen=\"\" loading=\"lazy\" referrerpolicy=\"no-referrer-when-downgrade\"><\/iframe>\n<\/div><\/div><\/div><\/div>\n\n<div class=\"faq-item\"><button class=\"faq-question\">Milyen l\u00e1tnival\u00f3kat \u00e9rint a haj\u00f3\u00fat?<span>+<\/span><\/button><div class=\"faq-answer\"><div class=\"faq-answer-inner\">A haj\u00f3\u00fat sor\u00e1n Budapest legismertebb l\u00e1tnival\u00f3i t\u00e1rulnak fel a Duna k\u00f6zep\u00e9r\u0151l, t\u00f6bbek k\u00f6z\u00f6tt a Parlament, a Budai V\u00e1r, a Hal\u00e1szb\u00e1stya, a M\u00e1ty\u00e1s-templom, a L\u00e1nch\u00edd \u00e9s a Margit-sziget. Emellett l\u00e1that\u00f3 a Gell\u00e9rt-hegy, a V\u00e1rkert Baz\u00e1r, a Rudas \u00e9s Gell\u00e9rt Gy\u00f3gyf\u00fcrd\u0151, a V\u00e1s\u00e1rcsarnok, valamint a Duna-part tov\u00e1bbi ikonikus \u00e9p\u00fcletei. A v\u00edzr\u0151l n\u00e9zve ezek a l\u00e1tv\u00e1nyoss\u00e1gok k\u00fcl\u00f6n\u00f6sen naplemente \u00e9s esti id\u0151pontokban ny\u00fajtanak egyedi \u00e9lm\u00e9nyt.<\/div><\/div><\/div>\n\n<div class=\"faq-item\"><button class=\"faq-question\">Van idegenvezet\u00e9s a haj\u00f3n?<span>+<\/span><\/button><div class=\"faq-answer\"><div class=\"faq-answer-inner\">Igen, a haj\u00f3\u00faton mobilalkalmaz\u00e1son kereszt\u00fcl el\u00e9rhet\u0151 audio guide seg\u00edt megismerni a l\u00e1tott nevezetess\u00e9geket. Az ismertet\u0151k r\u00f6vid, k\u00f6nnyen \u00e9rthet\u0151 form\u00e1ban mutatj\u00e1k be Budapest t\u00f6rt\u00e9net\u00e9t \u00e9s \u00e9rdekess\u00e9geit. Az audio guide angol, n\u00e9met, magyar, olasz, francia, spanyol, szlov\u00e1k, orosz \u00e9s koreai nyelven \u00e9rhet\u0151 el.<\/div><\/div><\/div>\n\n<div class=\"faq-item\"><button class=\"faq-question\">Hogyan m\u0171k\u00f6dik az audio guide?<span>+<\/span><\/button><div class=\"faq-answer\"><div class=\"faq-answer-inner\">Az audio guide saj\u00e1t okostelefonon hallgathat\u00f3, egy ingyenesen let\u00f6lthet\u0151 mobilalkalmaz\u00e1s seg\u00edts\u00e9g\u00e9vel. K\u00e9rj\u00fck, hozz saj\u00e1t f\u00fclhallgat\u00f3t, mivel a fed\u00e9lzeten nem \u00e1rus\u00edtunk f\u00fclhallgat\u00f3t, \u00e9s \u00e9rdemes felt\u00f6lt\u00f6tt telefonnal \u00e9rkezni a zavartalan \u00e9lm\u00e9ny \u00e9rdek\u00e9ben.<\/div><\/div><\/div>\n\n<div class=\"faq-item\"><button class=\"faq-question\">Lehet enni vagy inni a haj\u00f3n?<span>+<\/span><\/button><div class=\"faq-answer\"><div class=\"faq-answer-inner\">Igen. A haj\u00f3n fed\u00e9lzeti b\u00e1r m\u0171k\u00f6dik, ahol k\u00fcl\u00f6nf\u00e9le italok \u00e9s snackek v\u00e1s\u00e1rolhat\u00f3k. Vend\u00e9geink k\u00e9nyelme \u00e9rdek\u00e9ben saj\u00e1t \u00e9tel \u00e9s ital nem hozhat\u00f3 fel a haj\u00f3ra, azonban a kiszolg\u00e1l\u00e1s az \u00fat teljes ideje alatt biztos\u00edtott.<\/div><\/div><\/div>\n\n<div class=\"faq-item\"><button class=\"faq-question\">\u00c9rdemes el\u0151re jegyet foglalni?<span>+<\/span><\/button><div class=\"faq-answer\"><div class=\"faq-answer-inner\">Igen, k\u00fcl\u00f6n\u00f6sen h\u00e9tv\u00e9g\u00e9ken, \u00fcnnepnapokon \u00e9s esti id\u0151pontokban aj\u00e1nlott az el\u0151zetes online jegyv\u00e1s\u00e1rl\u00e1s. Az online foglal\u00e1ssal els\u0151bbs\u00e9gi besz\u00e1ll\u00e1s biztos\u00edtott, \u00edgy elker\u00fclhet\u0151 a v\u00e1rakoz\u00e1s.<\/div><\/div><\/div>\n\n<div class=\"faq-item\"><button class=\"faq-question\">Ingyenes a r\u00e9szv\u00e9tel kisgyermekeknek?<span>+<\/span><\/button><div class=\"faq-answer\"><div class=\"faq-answer-inner\">Igen. 0\u20133 \u00e9ves korig a v\u00e1rosn\u00e9z\u0151 haj\u00f3\u00fat ingyenes, \u00edgy kisgyermekes csal\u00e1dok sz\u00e1m\u00e1ra is k\u00e9nyelmes programlehet\u0151s\u00e9g.<\/div><\/div><\/div>\n\n\n<div class=\"faq-item\"><button class=\"faq-question\">Mi t\u00f6rt\u00e9nik rossz id\u0151 vagy technikai probl\u00e9ma eset\u00e9n?<span>+<\/span><\/button><div class=\"faq-answer\"><div class=\"faq-answer-inner\">A vend\u00e9gek biztons\u00e1ga \u00e9rdek\u00e9ben sz\u00e9ls\u0151s\u00e9ges id\u0151j\u00e1r\u00e1s, el\u0151re nem l\u00e1that\u00f3 esem\u00e9ny vagy technikai probl\u00e9ma eset\u00e9n a t\u00e1rsas\u00e1g fenntartja a jogot a haj\u00f3\u00fat t\u00f6rl\u00e9s\u00e9re. A haj\u00f3\u00fat elind\u00edt\u00e1s\u00e1hoz minimum l\u00e9tsz\u00e1m sz\u00fcks\u00e9ges.<\/div><\/div><\/div>\n\n<div class=\"faq-item\"><button class=\"faq-question\">Felszolg\u00e1lnak alkoholt a haj\u00f3n?<span>+<\/span><\/button><div class=\"faq-answer\"><div class=\"faq-answer-inner\">Igen, a fed\u00e9lzeten alkoholos italok \u00e9s kokt\u00e9lok is v\u00e1s\u00e1rolhat\u00f3k, azonban ezeket kiz\u00e1r\u00f3lag 18 \u00e9ven fel\u00fcli vend\u00e9geknek szolg\u00e1ljuk ki.<\/div><\/div><\/div>\n\n<div class=\"faq-item\"><button class=\"faq-question\">Akad\u00e1lymentes a haj\u00f3?<span>+<\/span><\/button><div class=\"faq-answer\"><div class=\"faq-answer-inner\">A v\u00e1rosn\u00e9z\u0151 haj\u00f3 nem rendelkezik kerekessz\u00e9kes hozz\u00e1f\u00e9r\u00e9ssel, ez\u00e9rt mozg\u00e1skorl\u00e1tozott vend\u00e9gek sz\u00e1m\u00e1ra nem akad\u00e1lymentes.<\/div><\/div><\/div>\n\n<div class=\"faq-item\"><button class=\"faq-question\">Lehet kuty\u00e1t hozni a haj\u00f3ra?<span>+<\/span><\/button><div class=\"faq-answer\"><div class=\"faq-answer-inner\">Igen, haj\u00f3ink kutyabar\u00e1tok, \u00edgy a h\u00e1zi kedvencek \u00e9s a seg\u00edt\u0151kuty\u00e1k egyar\u00e1nt r\u00e9szt vehetnek az utaz\u00e1son.<\/div><\/div><\/div>\n\n<div class=\"faq-item\"><button class=\"faq-question\">Milyen lemond\u00e1si felt\u00e9telek vonatkoznak a jegyekre?<span>+<\/span><\/button><div class=\"faq-answer\"><div class=\"faq-answer-inner\">A foglal\u00e1s legk\u00e9s\u0151bb 24 \u00f3r\u00e1val az indul\u00e1s el\u0151tt ingyenesen lemondhat\u00f3, ebben az esetben a jegy \u00e1ra teljes m\u00e9rt\u00e9kben visszat\u00e9r\u00edt\u00e9sre ker\u00fcl.<\/div><\/div><\/div>\n\n<div class=\"faq-item\"><button class=\"faq-question\">Kiknek aj\u00e1nlott a Purpleliner v\u00e1rosn\u00e9z\u0151 haj\u00f3?<span>+<\/span><\/button><div class=\"faq-answer\"><div class=\"faq-answer-inner\">A v\u00e1rosn\u00e9z\u0151 haj\u00f3\u00fat ide\u00e1lis v\u00e1laszt\u00e1s Budapestet el\u0151sz\u00f6r felfedez\u0151 turist\u00e1knak, visszat\u00e9r\u0151 l\u00e1togat\u00f3knak, magyar vend\u00e9geknek, akik \u00faj n\u00e9z\u0151pontb\u00f3l szeretn\u00e9k l\u00e1tni a v\u00e1rost, valamint p\u00e1roknak, csal\u00e1doknak \u00e9s bar\u00e1ti t\u00e1rsas\u00e1goknak.<\/div><\/div><\/div>\n\n<div class=\"faq-item\"><button class=\"faq-question\">Mi\u00e9rt \u00e9rdemes a Purplelinert v\u00e1lasztani?<span>+<\/span><\/button><div class=\"faq-answer\"><div class=\"faq-answer-inner\">A Purpleliner saj\u00e1t \u00e9p\u00edt\u00e9s\u0171, modern haj\u00f3kat k\u00edn\u00e1l, k\u00e9nyelmes \u00e9s biztons\u00e1gos utaz\u00e1ssal, bar\u00e1ts\u00e1gos \u00e9s seg\u00edt\u0151k\u00e9sz szem\u00e9lyzettel, t\u00f6bbnyelv\u0171 audio guide-dal, valamint Budapest egyik legszebb panor\u00e1m\u00e1j\u00e1val a Duna k\u00f6zep\u00e9r\u0151l.<\/div><\/div><\/div>\n\n<\/div>\n\n<script>\ndocument.querySelectorAll(\".faq-question\").forEach(button => {\n  button.addEventListener(\"click\", () => {\n    const item = button.parentElement;\n    const answer = item.querySelector(\".faq-answer\");\n\n    item.classList.toggle(\"active\");\n    answer.style.maxHeight = item.classList.contains(\"active\")\n      ? answer.scrollHeight + \"px\"\n      : null;\n  });\n});\n<\/script>\n","protected":false},"excerpt":{"rendered":"<p>Tudjuk, hogy egy \u00faj v\u00e1ros felfedez\u00e9se neh\u00e9z lehet, k\u00fcl\u00f6n\u00f6sen azok sz\u00e1m\u00e1ra, akik nem ismerik a nyelvet vagy a kult\u00far\u00e1t\u2026A Purpleliner remek alternat\u00edv\u00e1t k\u00edn\u00e1l a f\u0151v\u00e1ros k\u00fclf\u00f6ldi, vagy ak\u00e1r vid\u00e9ki l\u00e1togat\u00f3i sz\u00e1m\u00e1ra a gy\u00f6ny\u00f6r\u0171 \u00e9s t\u00f6rt\u00e9nelmi Budapest felfedez\u00e9s\u00e9hez! \u00c9lvezd a f\u0151v\u00e1ros panor\u00e1m\u00e1j\u00e1t k\u00e9nyelmesen \u00e9s st\u00edlusosan a Dun\u00e1r\u00f3l. T\u00far\u00e1ink a v\u00e1ros legn\u00e9pszer\u0171bb l\u00e1tnival\u00f3it mutatj\u00e1k be, informat\u00edv audio [&hellip;]<\/p>\n","protected":false},"author":2,"featured_media":649,"parent":0,"menu_order":0,"comment_status":"closed","ping_status":"closed","template":"frontpage.php","meta":{"disable_template_blocks":false,"footnotes":""},"yoast_head":"<!-- This site is optimized with the Yoast SEO plugin v24.0 - https:\/\/yoast.com\/wordpress\/plugins\/seo\/ -->\n<title>S\u00e9tahaj\u00f3 Budapest - PurpleLiner<\/title>\n<meta name=\"description\" content=\"Fedezd fel Budapest legszebb l\u00e1tv\u00e1nyoss\u00e1gait egy k\u00e9nyelmes v\u00e1rosn\u00e9z\u0151 haj\u00f3\u00faton! \u00c9lvezd a Duna leny\u0171g\u00f6z\u0151 panor\u00e1m\u00e1j\u00e1t, mik\u00f6zben elhaladsz a f\u0151v\u00e1ros ikonikus \u00e9p\u00fcletei mellett. Foglalj most a Purple Liner fed\u00e9lzet\u00e9re!\" \/>\n<meta name=\"robots\" content=\"index, follow, max-snippet:-1, max-image-preview:large, max-video-preview:-1\" \/>\n<link rel=\"canonical\" href=\"https:\/\/purpleliner.hu\/hu\/\" \/>\n<meta property=\"og:locale\" content=\"hu_HU\" \/>\n<meta property=\"og:type\" content=\"article\" \/>\n<meta property=\"og:title\" content=\"S\u00e9tahaj\u00f3 Budapest - PurpleLiner\" \/>\n<meta property=\"og:description\" content=\"Fedezd fel Budapest legszebb l\u00e1tv\u00e1nyoss\u00e1gait egy k\u00e9nyelmes v\u00e1rosn\u00e9z\u0151 haj\u00f3\u00faton! \u00c9lvezd a Duna leny\u0171g\u00f6z\u0151 panor\u00e1m\u00e1j\u00e1t, mik\u00f6zben elhaladsz a f\u0151v\u00e1ros ikonikus \u00e9p\u00fcletei mellett. Foglalj most a Purple Liner fed\u00e9lzet\u00e9re!\" \/>\n<meta property=\"og:url\" content=\"https:\/\/purpleliner.hu\/hu\/\" \/>\n<meta property=\"og:site_name\" content=\"Purpleliner\" \/>\n<meta property=\"article:publisher\" content=\"https:\/\/www.facebook.com\/purpleliner\" \/>\n<meta property=\"article:modified_time\" content=\"2026-03-30T08:19:55+00:00\" \/>\n<meta property=\"og:image\" content=\"https:\/\/purpleliner.hu\/wp-content\/uploads\/2023\/12\/letoltes-svg.png\" \/>\n\t<meta property=\"og:image:width\" content=\"451\" \/>\n\t<meta property=\"og:image:height\" content=\"451\" \/>\n\t<meta property=\"og:image:type\" content=\"image\/png\" \/>\n<meta name=\"twitter:card\" content=\"summary_large_image\" \/>\n<meta name=\"twitter:label1\" content=\"Becs\u00fclt olvas\u00e1si id\u0151\" \/>\n\t<meta name=\"twitter:data1\" content=\"4 perc\" \/>\n<script type=\"application\/ld+json\" class=\"yoast-schema-graph\">{\"@context\":\"https:\/\/schema.org\",\"@graph\":[{\"@type\":\"WebPage\",\"@id\":\"https:\/\/purpleliner.hu\/hu\/\",\"url\":\"https:\/\/purpleliner.hu\/hu\/\",\"name\":\"S\u00e9tahaj\u00f3 Budapest - PurpleLiner\",\"isPartOf\":{\"@id\":\"https:\/\/purpleliner.hu\/hu\/#website\"},\"primaryImageOfPage\":{\"@id\":\"https:\/\/purpleliner.hu\/hu\/#primaryimage\"},\"image\":{\"@id\":\"https:\/\/purpleliner.hu\/hu\/#primaryimage\"},\"thumbnailUrl\":\"https:\/\/purpleliner.hu\/wp-content\/uploads\/2023\/12\/letoltes-svg.png\",\"datePublished\":\"2023-02-09T10:27:28+00:00\",\"dateModified\":\"2026-03-30T08:19:55+00:00\",\"description\":\"Fedezd fel Budapest legszebb l\u00e1tv\u00e1nyoss\u00e1gait egy k\u00e9nyelmes v\u00e1rosn\u00e9z\u0151 haj\u00f3\u00faton! \u00c9lvezd a Duna leny\u0171g\u00f6z\u0151 panor\u00e1m\u00e1j\u00e1t, mik\u00f6zben elhaladsz a f\u0151v\u00e1ros ikonikus \u00e9p\u00fcletei mellett. Foglalj most a Purple Liner fed\u00e9lzet\u00e9re!\",\"breadcrumb\":{\"@id\":\"https:\/\/purpleliner.hu\/hu\/#breadcrumb\"},\"inLanguage\":\"hu\",\"potentialAction\":[{\"@type\":\"ReadAction\",\"target\":[\"https:\/\/purpleliner.hu\/hu\/\"]}]},{\"@type\":\"ImageObject\",\"inLanguage\":\"hu\",\"@id\":\"https:\/\/purpleliner.hu\/hu\/#primaryimage\",\"url\":\"https:\/\/purpleliner.hu\/wp-content\/uploads\/2023\/12\/letoltes-svg.png\",\"contentUrl\":\"https:\/\/purpleliner.hu\/wp-content\/uploads\/2023\/12\/letoltes-svg.png\",\"width\":451,\"height\":451,\"caption\":\"purpleliner cruise budapest\"},{\"@type\":\"BreadcrumbList\",\"@id\":\"https:\/\/purpleliner.hu\/hu\/#breadcrumb\",\"itemListElement\":[{\"@type\":\"ListItem\",\"position\":1,\"name\":\"Home\",\"item\":\"https:\/\/purpleliner.hu\/hu\/\"},{\"@type\":\"ListItem\",\"position\":2,\"name\":\"Purpleliner Haj\u00f3utak: Fedezze fel Budapestet a Duna viz\u00e9r\u0151l\"}]},{\"@type\":\"WebSite\",\"@id\":\"https:\/\/purpleliner.hu\/hu\/#website\",\"url\":\"https:\/\/purpleliner.hu\/hu\/\",\"name\":\"Purpleliner Cruises Budapest\",\"description\":\"Your Sightseeing Cruises at Budapest\",\"publisher\":{\"@id\":\"https:\/\/purpleliner.hu\/hu\/#organization\"},\"potentialAction\":[{\"@type\":\"SearchAction\",\"target\":{\"@type\":\"EntryPoint\",\"urlTemplate\":\"https:\/\/purpleliner.hu\/hu\/?s={search_term_string}\"},\"query-input\":{\"@type\":\"PropertyValueSpecification\",\"valueRequired\":true,\"valueName\":\"search_term_string\"}}],\"inLanguage\":\"hu\"},{\"@type\":\"Organization\",\"@id\":\"https:\/\/purpleliner.hu\/hu\/#organization\",\"name\":\"Purpleliner\",\"url\":\"https:\/\/purpleliner.hu\/hu\/\",\"logo\":{\"@type\":\"ImageObject\",\"inLanguage\":\"hu\",\"@id\":\"https:\/\/purpleliner.hu\/hu\/#\/schema\/logo\/image\/\",\"url\":\"https:\/\/purpleliner.hu\/wp-content\/uploads\/2023\/12\/letoltes-svg.png\",\"contentUrl\":\"https:\/\/purpleliner.hu\/wp-content\/uploads\/2023\/12\/letoltes-svg.png\",\"width\":451,\"height\":451,\"caption\":\"Purpleliner\"},\"image\":{\"@id\":\"https:\/\/purpleliner.hu\/hu\/#\/schema\/logo\/image\/\"},\"sameAs\":[\"https:\/\/www.facebook.com\/purpleliner\"]}]}<\/script>\n<!-- \/ Yoast SEO plugin. -->","yoast_head_json":{"title":"S\u00e9tahaj\u00f3 Budapest - PurpleLiner","description":"Fedezd fel Budapest legszebb l\u00e1tv\u00e1nyoss\u00e1gait egy k\u00e9nyelmes v\u00e1rosn\u00e9z\u0151 haj\u00f3\u00faton! \u00c9lvezd a Duna leny\u0171g\u00f6z\u0151 panor\u00e1m\u00e1j\u00e1t, mik\u00f6zben elhaladsz a f\u0151v\u00e1ros ikonikus \u00e9p\u00fcletei mellett. Foglalj most a Purple Liner fed\u00e9lzet\u00e9re!","robots":{"index":"index","follow":"follow","max-snippet":"max-snippet:-1","max-image-preview":"max-image-preview:large","max-video-preview":"max-video-preview:-1"},"canonical":"https:\/\/purpleliner.hu\/hu\/","og_locale":"hu_HU","og_type":"article","og_title":"S\u00e9tahaj\u00f3 Budapest - PurpleLiner","og_description":"Fedezd fel Budapest legszebb l\u00e1tv\u00e1nyoss\u00e1gait egy k\u00e9nyelmes v\u00e1rosn\u00e9z\u0151 haj\u00f3\u00faton! \u00c9lvezd a Duna leny\u0171g\u00f6z\u0151 panor\u00e1m\u00e1j\u00e1t, mik\u00f6zben elhaladsz a f\u0151v\u00e1ros ikonikus \u00e9p\u00fcletei mellett. Foglalj most a Purple Liner fed\u00e9lzet\u00e9re!","og_url":"https:\/\/purpleliner.hu\/hu\/","og_site_name":"Purpleliner","article_publisher":"https:\/\/www.facebook.com\/purpleliner","article_modified_time":"2026-03-30T08:19:55+00:00","og_image":[{"width":451,"height":451,"url":"https:\/\/purpleliner.hu\/wp-content\/uploads\/2023\/12\/letoltes-svg.png","type":"image\/png"}],"twitter_card":"summary_large_image","twitter_misc":{"Becs\u00fclt olvas\u00e1si id\u0151":"4 perc"},"schema":{"@context":"https:\/\/schema.org","@graph":[{"@type":"WebPage","@id":"https:\/\/purpleliner.hu\/hu\/","url":"https:\/\/purpleliner.hu\/hu\/","name":"S\u00e9tahaj\u00f3 Budapest - PurpleLiner","isPartOf":{"@id":"https:\/\/purpleliner.hu\/hu\/#website"},"primaryImageOfPage":{"@id":"https:\/\/purpleliner.hu\/hu\/#primaryimage"},"image":{"@id":"https:\/\/purpleliner.hu\/hu\/#primaryimage"},"thumbnailUrl":"https:\/\/purpleliner.hu\/wp-content\/uploads\/2023\/12\/letoltes-svg.png","datePublished":"2023-02-09T10:27:28+00:00","dateModified":"2026-03-30T08:19:55+00:00","description":"Fedezd fel Budapest legszebb l\u00e1tv\u00e1nyoss\u00e1gait egy k\u00e9nyelmes v\u00e1rosn\u00e9z\u0151 haj\u00f3\u00faton! \u00c9lvezd a Duna leny\u0171g\u00f6z\u0151 panor\u00e1m\u00e1j\u00e1t, mik\u00f6zben elhaladsz a f\u0151v\u00e1ros ikonikus \u00e9p\u00fcletei mellett. Foglalj most a Purple Liner fed\u00e9lzet\u00e9re!","breadcrumb":{"@id":"https:\/\/purpleliner.hu\/hu\/#breadcrumb"},"inLanguage":"hu","potentialAction":[{"@type":"ReadAction","target":["https:\/\/purpleliner.hu\/hu\/"]}]},{"@type":"ImageObject","inLanguage":"hu","@id":"https:\/\/purpleliner.hu\/hu\/#primaryimage","url":"https:\/\/purpleliner.hu\/wp-content\/uploads\/2023\/12\/letoltes-svg.png","contentUrl":"https:\/\/purpleliner.hu\/wp-content\/uploads\/2023\/12\/letoltes-svg.png","width":451,"height":451,"caption":"purpleliner cruise budapest"},{"@type":"BreadcrumbList","@id":"https:\/\/purpleliner.hu\/hu\/#breadcrumb","itemListElement":[{"@type":"ListItem","position":1,"name":"Home","item":"https:\/\/purpleliner.hu\/hu\/"},{"@type":"ListItem","position":2,"name":"Purpleliner Haj\u00f3utak: Fedezze fel Budapestet a Duna viz\u00e9r\u0151l"}]},{"@type":"WebSite","@id":"https:\/\/purpleliner.hu\/hu\/#website","url":"https:\/\/purpleliner.hu\/hu\/","name":"Purpleliner Cruises Budapest","description":"Your Sightseeing Cruises at Budapest","publisher":{"@id":"https:\/\/purpleliner.hu\/hu\/#organization"},"potentialAction":[{"@type":"SearchAction","target":{"@type":"EntryPoint","urlTemplate":"https:\/\/purpleliner.hu\/hu\/?s={search_term_string}"},"query-input":{"@type":"PropertyValueSpecification","valueRequired":true,"valueName":"search_term_string"}}],"inLanguage":"hu"},{"@type":"Organization","@id":"https:\/\/purpleliner.hu\/hu\/#organization","name":"Purpleliner","url":"https:\/\/purpleliner.hu\/hu\/","logo":{"@type":"ImageObject","inLanguage":"hu","@id":"https:\/\/purpleliner.hu\/hu\/#\/schema\/logo\/image\/","url":"https:\/\/purpleliner.hu\/wp-content\/uploads\/2023\/12\/letoltes-svg.png","contentUrl":"https:\/\/purpleliner.hu\/wp-content\/uploads\/2023\/12\/letoltes-svg.png","width":451,"height":451,"caption":"Purpleliner"},"image":{"@id":"https:\/\/purpleliner.hu\/hu\/#\/schema\/logo\/image\/"},"sameAs":["https:\/\/www.facebook.com\/purpleliner"]}]}},"_links":{"self":[{"href":"https:\/\/purpleliner.hu\/hu\/wp-json\/wp\/v2\/pages\/363"}],"collection":[{"href":"https:\/\/purpleliner.hu\/hu\/wp-json\/wp\/v2\/pages"}],"about":[{"href":"https:\/\/purpleliner.hu\/hu\/wp-json\/wp\/v2\/types\/page"}],"author":[{"embeddable":true,"href":"https:\/\/purpleliner.hu\/hu\/wp-json\/wp\/v2\/users\/2"}],"replies":[{"embeddable":true,"href":"https:\/\/purpleliner.hu\/hu\/wp-json\/wp\/v2\/comments?post=363"}],"version-history":[{"count":53,"href":"https:\/\/purpleliner.hu\/hu\/wp-json\/wp\/v2\/pages\/363\/revisions"}],"predecessor-version":[{"id":48599,"href":"https:\/\/purpleliner.hu\/hu\/wp-json\/wp\/v2\/pages\/363\/revisions\/48599"}],"wp:featuredmedia":[{"embeddable":true,"href":"https:\/\/purpleliner.hu\/hu\/wp-json\/wp\/v2\/media\/649"}],"wp:attachment":[{"href":"https:\/\/purpleliner.hu\/hu\/wp-json\/wp\/v2\/media?parent=363"}],"curies":[{"name":"wp","href":"https:\/\/api.w.org\/{rel}","templated":true}]}}