{"id":6276,"date":"2024-06-05T11:32:15","date_gmt":"2024-06-05T09:32:15","guid":{"rendered":"https:\/\/purpleliner.hu\/?page_id=6276"},"modified":"2024-06-05T12:59:20","modified_gmt":"2024-06-05T10:59:20","slug":"purpleliner-travel-guide-alkalmazas-bemutato","status":"publish","type":"page","link":"https:\/\/purpleliner.hu\/hu\/purpleliner-travel-guide-alkalmazas-bemutato\/","title":{"rendered":"Purpleliner Travel Guide alkalmaz\u00e1s \u2013 Bemutat\u00f3"},"content":{"rendered":"<div class=\"wp-block-image\">\n<figure class=\"aligncenter size-large\"><img decoding=\"async\" width=\"1024\" height=\"343\" loading=\"lazy\" src=\"https:\/\/purpleliner.hu\/wp-content\/uploads\/2024\/06\/logo-purpl2-1024x343.jpg\" alt=\"\" class=\"wp-image-6260\" srcset=\"https:\/\/purpleliner.hu\/wp-content\/uploads\/2024\/06\/logo-purpl2-1024x343.jpg 1024w, https:\/\/purpleliner.hu\/wp-content\/uploads\/2024\/06\/logo-purpl2-300x101.jpg 300w, https:\/\/purpleliner.hu\/wp-content\/uploads\/2024\/06\/logo-purpl2-600x201.jpg 600w\" sizes=\"(max-width: 1024px) 100vw, 1024px\" \/><\/figure><\/div>\n\n\n<p style=\"padding-top:var(--wp--preset--spacing--60)\">Az \u201cidegenvezet\u0151\u201d alkalmaz\u00e1sunkat kifejezetten a Purpleliner v\u00e1rosn\u00e9z\u0151 haj\u00f3 utunkhoz tervezt\u00fck. Amikor elkezdi a t\u00far\u00e1j\u00e1t, a <strong>Purpleliner Travel Guide<\/strong> alkalmaz\u00e1s audio komment\u00e1rja seg\u00edts\u00e9g\u00e9vel teheti teljess\u00e9 a v\u00e1rosn\u00e9z\u00e9st.<\/p>\n\n\n\n<p>Az alkalmaz\u00e1s automatikusan id\u0151z\u00edtett blokkokat tartalmaz, GPS k\u00f6vet\u00e9s haszn\u00e1lat\u00e1val. A komment\u00e1r automatikusan elindul, amint el\u00e9r egy adott nevezetess\u00e9g el\u0151zetesen meghat\u00e1rozott ter\u00fclet\u00e9t.<\/p>\n\n\n\n<p>Miut\u00e1n teljesen let\u00f6lt\u00f6tte az alkalmaz\u00e1st, az audio blokkokat ak\u00e1r sz\u00e1razf\u00f6ld\u00f6n \u00e9s offline \u2013 internet kapcsolat n\u00e9lk\u00fcl is meghallgathatja. Emellett a tartalmat annyiszor visszahallgathatja, amennyiszer csak szeretn\u00e9, ha valami kimaradt az \u00fatja sor\u00e1n.<\/p>\n\n\n\n<p>A komment\u00e1r tartalma \u00edrott form\u00e1ban is el\u00e9rhet\u0151 az olvas\u00e1s c\u00e9lj\u00e1b\u00f3l. Emellett megtekintheti a nevezetess\u00e9gekr\u0151l k\u00e9sz\u00fclt leny\u0171g\u00f6z\u0151 k\u00e9peket, mik\u00f6zben hallgatja a komment\u00e1rt.<\/p>\n\n\n\n<p style=\"padding-top:0;padding-bottom:var(--wp--preset--spacing--70)\"><strong>Tegye teljess\u00e9 v\u00e1rosn\u00e9z\u00e9si \u00e9lm\u00e9ny\u00e9t az alkalmaz\u00e1sunkkal!<\/strong><\/p>\n\n\n\n<div class=\"wp-block-quickberg-box quickberg-box  quickberg-box--undefined has-undefined-background-color\">\n<h2 style=\"text-align: center;\"><strong><span style=\"font-size: 30px;\">Hogyan telep\u00edtse a Purpleliner Travel Guide alkalmaz\u00e1st az eszk\u00f6z\u00e9n<\/span><\/strong><\/h2>\n<p style=\"text-align: center; margin-bottom: 50px;\"><span style=\"color: #808080; font-size: 14px;\">(Az alkalmaz\u00e1s haszn\u00e1lat\u00e1hoz legal\u00e1bb Android 5 vagy IOS 13 verzi\u00f3j\u00fa mobil eszk\u00f6zre, elegend\u0151 szabad t\u00e1rhelyre a telep\u00edt\u00e9shez valamint megfelel\u0151 internet hozz\u00e1f\u00e9r\u00e9shez van sz\u00fcks\u00e9ge.)<\/span><\/p>\n\n<ol style=\"text-align: left;\">\n \t<li><strong><span style=\"font-size: 18px; color: #993366;\">T\u00f6ltse le az alkalmaz\u00e1st a Google Play \/ Apple Store-r\u00f3l az eszk\u00f6z\u00e9re.<\/span><\/strong><span style=\"font-size: 18px; color: #993366;\"><a href=\"https:\/\/apps.apple.com\/hu\/app\/purpleliner-travel-guide\/id6447886802\"><img decoding=\"async\" loading=\"lazy\" class=\"aligncenter wp-image-1025644 size-full\" style=\"margin: 20px auto;\" src=\"https:\/\/purpleliner.hu\/wp-content\/uploads\/2024\/06\/apple-app-store-travel-awards-globestamp-7-2.webp\" alt=\"\" width=\"400\" height=\"126\" \/><\/a> <a href=\"https:\/\/play.google.com\/store\/apps\/details?id=com.amentihajozasi.sctg\"><img decoding=\"async\" loading=\"lazy\" class=\"aligncenter wp-image-1025652 size-full\" style=\"margin: 20px auto;\" src=\"https:\/\/purpleliner.hu\/wp-content\/uploads\/2024\/06\/play-app-store-travel-awards-globestamp-7.webp\" alt=\"\" width=\"400\" height=\"125\" \/><\/a><\/span><\/li>\n \t<li><span style=\"font-size: 18px; color: #993366;\">Let\u00f6lt\u00e9s \u00e9s telep\u00edt\u00e9s ut\u00e1n v\u00e1lassza ki a nyelv\u00e9t.<\/span><span style=\"font-size: 18px; color: #993366;\">\n<\/span><\/li>\n \t<li>\n\n<hr \/>\n\n<span style=\"font-size: 18px; color: #993366;\">Olvassa el a Felhaszn\u00e1l\u00e1si Felt\u00e9teleket, \u00e9s jel\u00f6lje be a &#8222;Elfogadom&#8221; gombot a folytat\u00e1shoz.<\/span><\/li>\n \t<li>\n\n<hr \/>\n\n<span style=\"font-size: 18px; color: #993366;\"><strong>A &#8222;M\u00e9dia let\u00f6lt\u00e9se&#8221; gomb meg\u00e9rint\u00e9s\u00e9vel az alkalmaz\u00e1s let\u00f6lti a m\u00e9dia tartalmat a kiv\u00e1lasztott nyelven.<\/strong><\/span><\/li>\n \t<li>\n\n<hr \/>\n\n<span style=\"font-size: 18px; color: #993366;\">A let\u00f6lt\u00e9s befejez\u00e9se ut\u00e1n \u00e9rintse meg a &#8222;L\u00e9pjen a V\u00e1rosn\u00e9z\u00e9shez&#8221; gombot.<\/span><\/li>\n \t<li>\n\n<hr \/>\n\n<span style=\"font-size: 18px; color: #993366;\">Kezdje el a v\u00e1rosn\u00e9z\u00e9si t\u00far\u00e1j\u00e1t a jobb fels\u0151 sarokban tal\u00e1lhat\u00f3 &#8222;V\u00e1rosn\u00e9z\u00e9s ind\u00edt\u00e1sa&#8221; gomb meg\u00e9rint\u00e9s\u00e9vel.<\/span><\/li>\n \t<li>\n\n<hr \/>\n\n<span style=\"font-size: 18px; color: #993366;\"><strong>Az alkalmaz\u00e1s enged\u00e9lyt k\u00e9r a GPS k\u00f6vet\u00e9s enged\u00e9lyez\u00e9s\u00e9hez. (Jobb \u00e9lm\u00e9ny \u00e9rdek\u00e9ben aj\u00e1nljuk, hogy v\u00e1lassza az &#8222;mindig&#8221; lehet\u0151s\u00e9get.) V\u00e1laszthatja, hogy nem enged\u00e9lyezi ezt a funkci\u00f3t, azonban ebben az esetben a blokkokat k\u00e9zzel kell aktiv\u00e1lni, \u00e9s elveszti az alkalmaz\u00e1s az automatikus funkci\u00f3j\u00e1t.<\/strong><\/span><\/li>\n<\/ol>\n<\/div>\n\n\n\n<h3 style=\"text-align: center;\"><strong><span style=\"font-size: 30px;\">Alapvet\u0151 hibaelh\u00e1r\u00edt\u00e1si \u00e9s elt\u00e1vol\u00edt\u00e1si \u00fatmutat\u00f3<\/span><\/strong><\/h3>\n&nbsp;\n<p style=\"text-align: left;\"><strong>T\u00fara v\u00e9ge<\/strong><\/br>\nHaj\u00f3t\u00far\u00e1ja befejez\u00e9se ut\u00e1n \u00e9rintse meg a &#8222;<strong>V\u00e1rosn\u00e9z\u00e9s le\u00e1ll\u00edt\u00e1sa<\/strong>&#8221; gombot az alkalmaz\u00e1s le\u00e1ll\u00edt\u00e1s\u00e1hoz. Ezzel biztos\u00edtja, hogy az alkalmaz\u00e1s ki legyen kapcsolva. Az alkalmaz\u00e1s elt\u00e1vol\u00edt\u00e1s\u00e1hoz k\u00f6vesse az al\u00e1bbi utas\u00edt\u00e1sokat.<\/p>\n<ol>\n \t<li>T\u00fara befejez\u00e9se ut\u00e1n \u00e9rintheti a jobb fels\u0151 sarokban tal\u00e1lhat\u00f3 &#8222;<strong>V\u00e1rosn\u00e9z\u00e9s le\u00e1ll\u00edt\u00e1sa<\/strong>&#8221; gombot a vezetett t\u00fara le\u00e1ll\u00edt\u00e1s\u00e1hoz.<\/li>\n \t<li>Ha szeretn\u00e9 elt\u00e1vol\u00edtani a m\u00e9dia tartalmat, akkor az \u00fcdv\u00f6zl\u0151 men\u00fcben tal\u00e1lhat\u00f3 h\u00e1rom pontot \u00e9rintheti meg, majd v\u00e1lassza ki a &#8222;<strong>Befejeztem a V\u00e1rosn\u00e9z\u00e9st<\/strong>&#8221; lehet\u0151s\u00e9get. Ez elt\u00e1vol\u00edtja a tartalmat \u00e9s az alkalmaz\u00e1s keret\u00e9t.<\/li>\n \t<li>Ezut\u00e1n az alkalmaz\u00e1st a megszokott m\u00f3don t\u00f6r\u00f6lheti az eszk\u00f6z\u00e9r\u0151l a tiszt\u00edt\u00e1si opci\u00f3k haszn\u00e1lat\u00e1val.<\/li>\n<\/ol>\n<p style=\"text-align: left;\"><strong>Fejhallgat\u00f3k<\/strong><\/br>\nA t\u00f6bbi utas zavartalan v\u00e1rosn\u00e9z\u00e9si \u00e9lm\u00e9ny\u00e9nek \u00e9rdek\u00e9ben k\u00e9rj\u00fck, hogy haszn\u00e1lja saj\u00e1t fejhallgat\u00f3j\u00e1t vagy f\u00fclhallgat\u00f3j\u00e1t. K\u00f6sz\u00f6nj\u00fck! Felh\u00edvjuk figyelm\u00fcket a fed\u00e9lzeten nem tudunk fejhallgat\u00f3kat biztos\u00edtani eszk\u00f6zeikre.\n<\/p>\n<p style=\"text-align: left;\"><strong>Hi\u00e1nyz\u00f3 blokkok<\/strong><\/br>\nK\u00fcl\u00f6nb\u00f6z\u0151 k\u00f6rnyezeti t\u00e9nyez\u0151k miatt el\u0151fordulhat, hogy egyes blokkok k\u00e9snek vagy egy\u00e1ltal\u00e1n nem j\u00e1tsz\u00f3dnak le. Ilyen esetekben a hi\u00e1nyz\u00f3 blokkokat k\u00e9zzel is lej\u00e1tszhatja, a t\u00fara k\u00f6zben vagy ut\u00e1na az \u201cInd\u00edt\u00e1s\u201d gombra koppintva. Az idegenvezet\u0151 alkalmaz\u00e1sunk el\u00e9rhet\u0151 lesz, am\u00edg nem t\u00e1vol\u00edtja el azt az eszk\u00f6z\u00e9r\u0151l.<\/p>\n<p style=\"text-align: left;\"><strong>Csend a blokkok k\u00f6z\u00f6tt<\/strong><\/br>\nK\u00e9rj\u00fck, vegye figyelembe, hogy a blokkok k\u00f6z\u00f6tt hosszabb sz\u00fcneteket is tapasztalhat, am\u00edg el\u00e9rkezik a k\u00f6vetkez\u0151 \u00e9rdekl\u0151d\u00e9si ponthoz. Ez a jelens\u00e9g norm\u00e1lis, nem tartalmazunk zen\u00e9t vagy egy\u00e9b m\u00e9di\u00e1t a blokkok k\u00f6z\u00f6tt.\n<\/p>\n<p style=\"text-align: left;\"><strong>Rossz nyelv<\/strong><\/br>\nHa rossz nyelvet v\u00e1lasztott, \u00e9rintse meg a jobb fels\u0151 sarokban tal\u00e1lhat\u00f3 h\u00e1rom pontot, majd v\u00e1lassza a nyelvet. A \u201c<strong>M\u00e9dia let\u00f6lt\u00e9se<\/strong>\u201d gombra nyomva, az alkalmaz\u00e1s let\u00f6lti a sz\u00fcks\u00e9ges komponenst a kiv\u00e1lasztott nyelven, \u00e9s hallgathatja a komment\u00e1rt az \u00f6n \u00e1ltal helyesnek \u00edt\u00e9lt nyelven.<\/p>\n\n<p style=\"text-align: left;\"><strong>T\u00fara aktiv\u00e1l\u00e1sa ut\u00e1n<\/strong><\/br>\nAz alkalmaz\u00e1s a sz\u00e1razf\u00f6ld\u00f6n is aktiv\u00e1l\u00f3dhat, p\u00e9ld\u00e1ul amikor elhalad egy olyan nevezetess\u00e9g mellett, amely szerepel a t\u00far\u00e1nkban. Ennek megakad\u00e1lyoz\u00e1s\u00e1hoz haszn\u00e1lja a &#8222;<strong>V\u00e1rosn\u00e9z\u00e9s le\u00e1ll\u00edt\u00e1sa<\/strong>&#8221; gombot vagy t\u00e1vol\u00edtsa el az alkalmaz\u00e1st.<\/p>\n<p style=\"text-align: left;\"><strong>Alacsony akkumul\u00e1tor<\/strong><\/br>\nJavasoljuk, hogy teljesen felt\u00f6lt\u00f6tt eszk\u00f6zzel \u00e9rkezzen a t\u00far\u00e1ra.<\/p>\n<p style=\"text-align: left;\"><strong>Automatikus audio blokkok<\/strong><\/br>\nHa nem enged\u00e9lyezte a GPS k\u00f6vet\u00e9s haszn\u00e1lat\u00e1t, az automatikus lej\u00e1tsz\u00e1s funkci\u00f3ja nem lesz el\u00e9rhet\u0151. Ebben az esetben csak k\u00e9zzel ind\u00edthatja el az audio blokkok lej\u00e1tsz\u00e1s\u00e1t, a &#8222;Lej\u00e1tsz\u00e1s&#8221; gomb meg\u00e9rint\u00e9s\u00e9vel.<\/p>\n\n\n\n<hr class=\"wp-block-separator has-alpha-channel-opacity is-style-dots\"\/>\n\n\n<div class=\"wp-block-image\">\n<figure class=\"aligncenter size-large\"><img decoding=\"async\" width=\"1024\" height=\"343\" loading=\"lazy\" src=\"https:\/\/purpleliner.hu\/wp-content\/uploads\/2024\/06\/logo-purpl2-1024x343.jpg\" alt=\"\" class=\"wp-image-6260\" srcset=\"https:\/\/purpleliner.hu\/wp-content\/uploads\/2024\/06\/logo-purpl2-1024x343.jpg 1024w, https:\/\/purpleliner.hu\/wp-content\/uploads\/2024\/06\/logo-purpl2-300x101.jpg 300w, https:\/\/purpleliner.hu\/wp-content\/uploads\/2024\/06\/logo-purpl2-600x201.jpg 600w\" sizes=\"(max-width: 1024px) 100vw, 1024px\" \/><\/figure><\/div>","protected":false},"excerpt":{"rendered":"<p>Az \u201cidegenvezet\u0151\u201d alkalmaz\u00e1sunkat kifejezetten a Purpleliner v\u00e1rosn\u00e9z\u0151 haj\u00f3 utunkhoz tervezt\u00fck. Amikor elkezdi a t\u00far\u00e1j\u00e1t, a Purpleliner Travel Guide alkalmaz\u00e1s audio komment\u00e1rja seg\u00edts\u00e9g\u00e9vel teheti teljess\u00e9 a v\u00e1rosn\u00e9z\u00e9st. Az alkalmaz\u00e1s automatikusan id\u0151z\u00edtett blokkokat tartalmaz, GPS k\u00f6vet\u00e9s haszn\u00e1lat\u00e1val. A komment\u00e1r automatikusan elindul, amint el\u00e9r egy adott nevezetess\u00e9g el\u0151zetesen meghat\u00e1rozott ter\u00fclet\u00e9t. Miut\u00e1n teljesen let\u00f6lt\u00f6tte az alkalmaz\u00e1st, az audio blokkokat [&hellip;]<\/p>\n","protected":false},"author":2,"featured_media":0,"parent":0,"menu_order":0,"comment_status":"closed","ping_status":"closed","template":"","meta":{"disable_template_blocks":false,"footnotes":""},"yoast_head":"<!-- This site is optimized with the Yoast SEO plugin v24.0 - https:\/\/yoast.com\/wordpress\/plugins\/seo\/ -->\n<title>Purpleliner Travel Guide alkalmaz\u00e1s \u2013 Bemutat\u00f3 - Purpleliner<\/title>\n<meta name=\"robots\" content=\"index, follow, max-snippet:-1, max-image-preview:large, max-video-preview:-1\" \/>\n<link rel=\"canonical\" href=\"https:\/\/purpleliner.hu\/hu\/purpleliner-travel-guide-alkalmazas-bemutato\/\" \/>\n<meta property=\"og:locale\" content=\"hu_HU\" \/>\n<meta property=\"og:type\" content=\"article\" \/>\n<meta property=\"og:title\" content=\"Purpleliner Travel Guide alkalmaz\u00e1s \u2013 Bemutat\u00f3 - Purpleliner\" \/>\n<meta property=\"og:description\" content=\"Az \u201cidegenvezet\u0151\u201d alkalmaz\u00e1sunkat kifejezetten a Purpleliner v\u00e1rosn\u00e9z\u0151 haj\u00f3 utunkhoz tervezt\u00fck. Amikor elkezdi a t\u00far\u00e1j\u00e1t, a Purpleliner Travel Guide alkalmaz\u00e1s audio komment\u00e1rja seg\u00edts\u00e9g\u00e9vel teheti teljess\u00e9 a v\u00e1rosn\u00e9z\u00e9st. Az alkalmaz\u00e1s automatikusan id\u0151z\u00edtett blokkokat tartalmaz, GPS k\u00f6vet\u00e9s haszn\u00e1lat\u00e1val. A komment\u00e1r automatikusan elindul, amint el\u00e9r egy adott nevezetess\u00e9g el\u0151zetesen meghat\u00e1rozott ter\u00fclet\u00e9t. Miut\u00e1n teljesen let\u00f6lt\u00f6tte az alkalmaz\u00e1st, az audio blokkokat [&hellip;]\" \/>\n<meta property=\"og:url\" content=\"https:\/\/purpleliner.hu\/hu\/purpleliner-travel-guide-alkalmazas-bemutato\/\" \/>\n<meta property=\"og:site_name\" content=\"Purpleliner\" \/>\n<meta property=\"article:publisher\" content=\"https:\/\/www.facebook.com\/purpleliner\" \/>\n<meta property=\"article:modified_time\" content=\"2024-06-05T10:59:20+00:00\" \/>\n<meta property=\"og:image\" content=\"https:\/\/purpleliner.hu\/wp-content\/uploads\/2024\/06\/logo-purpl2-1024x343.jpg\" \/>\n<meta name=\"twitter:card\" content=\"summary_large_image\" \/>\n<meta name=\"twitter:label1\" content=\"Becs\u00fclt olvas\u00e1si id\u0151\" \/>\n\t<meta name=\"twitter:data1\" content=\"4 perc\" \/>\n<script type=\"application\/ld+json\" class=\"yoast-schema-graph\">{\"@context\":\"https:\/\/schema.org\",\"@graph\":[{\"@type\":\"WebPage\",\"@id\":\"https:\/\/purpleliner.hu\/hu\/purpleliner-travel-guide-alkalmazas-bemutato\/\",\"url\":\"https:\/\/purpleliner.hu\/hu\/purpleliner-travel-guide-alkalmazas-bemutato\/\",\"name\":\"Purpleliner Travel Guide alkalmaz\u00e1s \u2013 Bemutat\u00f3 - Purpleliner\",\"isPartOf\":{\"@id\":\"https:\/\/purpleliner.hu\/hu\/#website\"},\"primaryImageOfPage\":{\"@id\":\"https:\/\/purpleliner.hu\/hu\/purpleliner-travel-guide-alkalmazas-bemutato\/#primaryimage\"},\"image\":{\"@id\":\"https:\/\/purpleliner.hu\/hu\/purpleliner-travel-guide-alkalmazas-bemutato\/#primaryimage\"},\"thumbnailUrl\":\"https:\/\/purpleliner.hu\/wp-content\/uploads\/2024\/06\/logo-purpl2-1024x343.jpg\",\"datePublished\":\"2024-06-05T09:32:15+00:00\",\"dateModified\":\"2024-06-05T10:59:20+00:00\",\"breadcrumb\":{\"@id\":\"https:\/\/purpleliner.hu\/hu\/purpleliner-travel-guide-alkalmazas-bemutato\/#breadcrumb\"},\"inLanguage\":\"hu\",\"potentialAction\":[{\"@type\":\"ReadAction\",\"target\":[\"https:\/\/purpleliner.hu\/hu\/purpleliner-travel-guide-alkalmazas-bemutato\/\"]}]},{\"@type\":\"ImageObject\",\"inLanguage\":\"hu\",\"@id\":\"https:\/\/purpleliner.hu\/hu\/purpleliner-travel-guide-alkalmazas-bemutato\/#primaryimage\",\"url\":\"https:\/\/purpleliner.hu\/wp-content\/uploads\/2024\/06\/logo-purpl2-1024x343.jpg\",\"contentUrl\":\"https:\/\/purpleliner.hu\/wp-content\/uploads\/2024\/06\/logo-purpl2-1024x343.jpg\"},{\"@type\":\"BreadcrumbList\",\"@id\":\"https:\/\/purpleliner.hu\/hu\/purpleliner-travel-guide-alkalmazas-bemutato\/#breadcrumb\",\"itemListElement\":[{\"@type\":\"ListItem\",\"position\":1,\"name\":\"Home\",\"item\":\"https:\/\/purpleliner.hu\/hu\/\"},{\"@type\":\"ListItem\",\"position\":2,\"name\":\"Purpleliner Travel Guide alkalmaz\u00e1s \u2013 Bemutat\u00f3\"}]},{\"@type\":\"WebSite\",\"@id\":\"https:\/\/purpleliner.hu\/hu\/#website\",\"url\":\"https:\/\/purpleliner.hu\/hu\/\",\"name\":\"Purpleliner Cruises Budapest\",\"description\":\"Your Sightseeing Cruises at Budapest\",\"publisher\":{\"@id\":\"https:\/\/purpleliner.hu\/hu\/#organization\"},\"potentialAction\":[{\"@type\":\"SearchAction\",\"target\":{\"@type\":\"EntryPoint\",\"urlTemplate\":\"https:\/\/purpleliner.hu\/hu\/?s={search_term_string}\"},\"query-input\":{\"@type\":\"PropertyValueSpecification\",\"valueRequired\":true,\"valueName\":\"search_term_string\"}}],\"inLanguage\":\"hu\"},{\"@type\":\"Organization\",\"@id\":\"https:\/\/purpleliner.hu\/hu\/#organization\",\"name\":\"Purpleliner\",\"url\":\"https:\/\/purpleliner.hu\/hu\/\",\"logo\":{\"@type\":\"ImageObject\",\"inLanguage\":\"hu\",\"@id\":\"https:\/\/purpleliner.hu\/hu\/#\/schema\/logo\/image\/\",\"url\":\"https:\/\/purpleliner.hu\/wp-content\/uploads\/2023\/12\/letoltes-svg.png\",\"contentUrl\":\"https:\/\/purpleliner.hu\/wp-content\/uploads\/2023\/12\/letoltes-svg.png\",\"width\":451,\"height\":451,\"caption\":\"Purpleliner\"},\"image\":{\"@id\":\"https:\/\/purpleliner.hu\/hu\/#\/schema\/logo\/image\/\"},\"sameAs\":[\"https:\/\/www.facebook.com\/purpleliner\"]}]}<\/script>\n<!-- \/ Yoast SEO plugin. -->","yoast_head_json":{"title":"Purpleliner Travel Guide alkalmaz\u00e1s \u2013 Bemutat\u00f3 - Purpleliner","robots":{"index":"index","follow":"follow","max-snippet":"max-snippet:-1","max-image-preview":"max-image-preview:large","max-video-preview":"max-video-preview:-1"},"canonical":"https:\/\/purpleliner.hu\/hu\/purpleliner-travel-guide-alkalmazas-bemutato\/","og_locale":"hu_HU","og_type":"article","og_title":"Purpleliner Travel Guide alkalmaz\u00e1s \u2013 Bemutat\u00f3 - Purpleliner","og_description":"Az \u201cidegenvezet\u0151\u201d alkalmaz\u00e1sunkat kifejezetten a Purpleliner v\u00e1rosn\u00e9z\u0151 haj\u00f3 utunkhoz tervezt\u00fck. Amikor elkezdi a t\u00far\u00e1j\u00e1t, a Purpleliner Travel Guide alkalmaz\u00e1s audio komment\u00e1rja seg\u00edts\u00e9g\u00e9vel teheti teljess\u00e9 a v\u00e1rosn\u00e9z\u00e9st. Az alkalmaz\u00e1s automatikusan id\u0151z\u00edtett blokkokat tartalmaz, GPS k\u00f6vet\u00e9s haszn\u00e1lat\u00e1val. A komment\u00e1r automatikusan elindul, amint el\u00e9r egy adott nevezetess\u00e9g el\u0151zetesen meghat\u00e1rozott ter\u00fclet\u00e9t. Miut\u00e1n teljesen let\u00f6lt\u00f6tte az alkalmaz\u00e1st, az audio blokkokat [&hellip;]","og_url":"https:\/\/purpleliner.hu\/hu\/purpleliner-travel-guide-alkalmazas-bemutato\/","og_site_name":"Purpleliner","article_publisher":"https:\/\/www.facebook.com\/purpleliner","article_modified_time":"2024-06-05T10:59:20+00:00","og_image":[{"url":"https:\/\/purpleliner.hu\/wp-content\/uploads\/2024\/06\/logo-purpl2-1024x343.jpg","type":"","width":"","height":""}],"twitter_card":"summary_large_image","twitter_misc":{"Becs\u00fclt olvas\u00e1si id\u0151":"4 perc"},"schema":{"@context":"https:\/\/schema.org","@graph":[{"@type":"WebPage","@id":"https:\/\/purpleliner.hu\/hu\/purpleliner-travel-guide-alkalmazas-bemutato\/","url":"https:\/\/purpleliner.hu\/hu\/purpleliner-travel-guide-alkalmazas-bemutato\/","name":"Purpleliner Travel Guide alkalmaz\u00e1s \u2013 Bemutat\u00f3 - Purpleliner","isPartOf":{"@id":"https:\/\/purpleliner.hu\/hu\/#website"},"primaryImageOfPage":{"@id":"https:\/\/purpleliner.hu\/hu\/purpleliner-travel-guide-alkalmazas-bemutato\/#primaryimage"},"image":{"@id":"https:\/\/purpleliner.hu\/hu\/purpleliner-travel-guide-alkalmazas-bemutato\/#primaryimage"},"thumbnailUrl":"https:\/\/purpleliner.hu\/wp-content\/uploads\/2024\/06\/logo-purpl2-1024x343.jpg","datePublished":"2024-06-05T09:32:15+00:00","dateModified":"2024-06-05T10:59:20+00:00","breadcrumb":{"@id":"https:\/\/purpleliner.hu\/hu\/purpleliner-travel-guide-alkalmazas-bemutato\/#breadcrumb"},"inLanguage":"hu","potentialAction":[{"@type":"ReadAction","target":["https:\/\/purpleliner.hu\/hu\/purpleliner-travel-guide-alkalmazas-bemutato\/"]}]},{"@type":"ImageObject","inLanguage":"hu","@id":"https:\/\/purpleliner.hu\/hu\/purpleliner-travel-guide-alkalmazas-bemutato\/#primaryimage","url":"https:\/\/purpleliner.hu\/wp-content\/uploads\/2024\/06\/logo-purpl2-1024x343.jpg","contentUrl":"https:\/\/purpleliner.hu\/wp-content\/uploads\/2024\/06\/logo-purpl2-1024x343.jpg"},{"@type":"BreadcrumbList","@id":"https:\/\/purpleliner.hu\/hu\/purpleliner-travel-guide-alkalmazas-bemutato\/#breadcrumb","itemListElement":[{"@type":"ListItem","position":1,"name":"Home","item":"https:\/\/purpleliner.hu\/hu\/"},{"@type":"ListItem","position":2,"name":"Purpleliner Travel Guide alkalmaz\u00e1s \u2013 Bemutat\u00f3"}]},{"@type":"WebSite","@id":"https:\/\/purpleliner.hu\/hu\/#website","url":"https:\/\/purpleliner.hu\/hu\/","name":"Purpleliner Cruises Budapest","description":"Your Sightseeing Cruises at Budapest","publisher":{"@id":"https:\/\/purpleliner.hu\/hu\/#organization"},"potentialAction":[{"@type":"SearchAction","target":{"@type":"EntryPoint","urlTemplate":"https:\/\/purpleliner.hu\/hu\/?s={search_term_string}"},"query-input":{"@type":"PropertyValueSpecification","valueRequired":true,"valueName":"search_term_string"}}],"inLanguage":"hu"},{"@type":"Organization","@id":"https:\/\/purpleliner.hu\/hu\/#organization","name":"Purpleliner","url":"https:\/\/purpleliner.hu\/hu\/","logo":{"@type":"ImageObject","inLanguage":"hu","@id":"https:\/\/purpleliner.hu\/hu\/#\/schema\/logo\/image\/","url":"https:\/\/purpleliner.hu\/wp-content\/uploads\/2023\/12\/letoltes-svg.png","contentUrl":"https:\/\/purpleliner.hu\/wp-content\/uploads\/2023\/12\/letoltes-svg.png","width":451,"height":451,"caption":"Purpleliner"},"image":{"@id":"https:\/\/purpleliner.hu\/hu\/#\/schema\/logo\/image\/"},"sameAs":["https:\/\/www.facebook.com\/purpleliner"]}]}},"_links":{"self":[{"href":"https:\/\/purpleliner.hu\/hu\/wp-json\/wp\/v2\/pages\/6276"}],"collection":[{"href":"https:\/\/purpleliner.hu\/hu\/wp-json\/wp\/v2\/pages"}],"about":[{"href":"https:\/\/purpleliner.hu\/hu\/wp-json\/wp\/v2\/types\/page"}],"author":[{"embeddable":true,"href":"https:\/\/purpleliner.hu\/hu\/wp-json\/wp\/v2\/users\/2"}],"replies":[{"embeddable":true,"href":"https:\/\/purpleliner.hu\/hu\/wp-json\/wp\/v2\/comments?post=6276"}],"version-history":[{"count":7,"href":"https:\/\/purpleliner.hu\/hu\/wp-json\/wp\/v2\/pages\/6276\/revisions"}],"predecessor-version":[{"id":6289,"href":"https:\/\/purpleliner.hu\/hu\/wp-json\/wp\/v2\/pages\/6276\/revisions\/6289"}],"wp:attachment":[{"href":"https:\/\/purpleliner.hu\/hu\/wp-json\/wp\/v2\/media?parent=6276"}],"curies":[{"name":"wp","href":"https:\/\/api.w.org\/{rel}","templated":true}]}}